{"id":32458,"date":"2025-08-05T19:53:02","date_gmt":"2025-08-06T00:53:02","guid":{"rendered":"https:\/\/transformaciondigital.supertransporte.gov.co\/?page_id=32458"},"modified":"2026-04-24T09:21:41","modified_gmt":"2026-04-24T14:21:41","slug":"agenda","status":"publish","type":"page","link":"https:\/\/transformaciondigital.supertransporte.gov.co\/index.php\/agenda\/","title":{"rendered":"Agenda"},"content":{"rendered":"<p><div class=\"fusion-fullwidth fullwidth-box fusion-builder-row-1 fusion-flex-container has-pattern-background has-mask-background nonhundred-percent-fullwidth non-hundred-percent-height-scrolling\" style=\"--awb-border-sizes-top:2px;--awb-border-color:#da723f;--awb-border-radius-top-left:0px;--awb-border-radius-top-right:0px;--awb-border-radius-bottom-right:0px;--awb-border-radius-bottom-left:0px;--awb-padding-right:8vw;--awb-padding-left:8vw;--awb-flex-wrap:wrap;\" ><div class=\"fusion-builder-row fusion-row fusion-flex-align-items-flex-start fusion-flex-content-wrap\" style=\"max-width:104%;margin-left: calc(-4% \/ 2 );margin-right: calc(-4% \/ 2 );\"><div class=\"fusion-layout-column fusion_builder_column fusion-builder-column-0 fusion_builder_column_1_1 1_1 fusion-flex-column\" style=\"--awb-bg-size:cover;--awb-width-large:100%;--awb-margin-top-large:0px;--awb-spacing-right-large:1.92%;--awb-margin-bottom-large:0px;--awb-spacing-left-large:1.92%;--awb-width-medium:100%;--awb-order-medium:0;--awb-spacing-right-medium:1.92%;--awb-spacing-left-medium:1.92%;--awb-width-small:100%;--awb-order-small:0;--awb-spacing-right-small:1.92%;--awb-spacing-left-small:1.92%;\"><div class=\"fusion-column-wrapper fusion-column-has-shadow fusion-flex-justify-content-flex-start fusion-content-layout-column\"><div class=\"fusion-separator fusion-full-width-sep\" style=\"align-self: center;margin-left: auto;margin-right: auto;margin-top:10px;margin-bottom:10px;width:100%;\"><\/div><div class=\"fusion-text fusion-text-1\"><p style=\"text-align: left;\"><span style=\"color: #004884; font-size: 14px;\"><span style=\"text-decoration: underline;\"><a style=\"color: #004884; text-decoration: underline;\" title=\"Acceder a la p\u00e1gina\" href=\"https:\/\/transformaciondigital.supertransporte.gov.co\/\">Inicio<\/a><\/span> \/ Uso y Apropiaci\u00f3n \/ <strong>Agenda<\/strong><\/span><\/p>\n<\/div><\/div><\/div><\/div><\/div><div class=\"fusion-fullwidth fullwidth-box fusion-builder-row-2 fusion-flex-container has-pattern-background has-mask-background nonhundred-percent-fullwidth non-hundred-percent-height-scrolling\" style=\"--awb-border-radius-top-left:0px;--awb-border-radius-top-right:0px;--awb-border-radius-bottom-right:0px;--awb-border-radius-bottom-left:0px;--awb-padding-right:8vw;--awb-padding-left:8vw;--awb-flex-wrap:wrap;\" ><div class=\"fusion-builder-row fusion-row fusion-flex-align-items-flex-start fusion-flex-content-wrap\" style=\"max-width:104%;margin-left: calc(-4% \/ 2 );margin-right: calc(-4% \/ 2 );\"><div class=\"fusion-layout-column fusion_builder_column fusion-builder-column-1 fusion_builder_column_1_1 1_1 fusion-flex-column\" style=\"--awb-bg-size:cover;--awb-width-large:100%;--awb-margin-top-large:0px;--awb-spacing-right-large:1.92%;--awb-margin-bottom-large:0px;--awb-spacing-left-large:1.92%;--awb-width-medium:100%;--awb-order-medium:0;--awb-spacing-right-medium:1.92%;--awb-spacing-left-medium:1.92%;--awb-width-small:100%;--awb-order-small:0;--awb-spacing-right-small:1.92%;--awb-spacing-left-small:1.92%;\"><div class=\"fusion-column-wrapper fusion-column-has-shadow fusion-flex-justify-content-flex-start fusion-content-layout-column\"><div class=\"fusion-text fusion-text-2\" style=\"--awb-text-color:#cc774b;\"><h1 style=\"text-align: center;\"><span style=\"font-size: 36px;\"><strong>Agenda<\/strong><\/span><\/h1>\n<p>&nbsp;<\/p>\n<\/div><div class=\"fusion-text fusion-text-3\" style=\"--awb-text-color:#cc774b;\"><h2 style=\"text-align: left;\"><em><span style=\"font-size: 24px;\">2026<\/span><\/em><\/h2>\n<\/div><div class=\"accordian fusion-accordian\" style=\"--awb-border-size:1px;--awb-icon-size:14px;--awb-content-font-size:16px;--awb-icon-alignment:left;--awb-hover-color:#f9f9f9;--awb-border-color:#cccccc;--awb-background-color:#ffffff;--awb-divider-color:#e0dede;--awb-divider-hover-color:#e0dede;--awb-icon-color:#ffffff;--awb-title-color:#000000;--awb-content-color:#4b4b4b;--awb-icon-box-color:#808080;--awb-toggle-hover-accent-color:#2c6651;--awb-title-font-family:&quot;Montserrat&quot;;--awb-title-font-weight:600;--awb-title-font-style:normal;--awb-title-font-size:15px;--awb-content-font-family:&quot;Work Sans&quot;;--awb-content-font-style:normal;--awb-content-font-weight:regular;\"><div class=\"panel-group fusion-toggle-icon-boxed\" id=\"accordion-32458-1\"><div class=\"fusion-panel panel-default panel-c26b3dee76d16a6b7 fusion-toggle-no-divider fusion-toggle-boxed-mode\" style=\"--awb-title-color:#000000;\"><div class=\"panel-heading\"><h4 class=\"panel-title toggle\" id=\"toggle_c26b3dee76d16a6b7\"><a aria-expanded=\"false\" aria-controls=\"c26b3dee76d16a6b7\" role=\"button\" data-toggle=\"collapse\" data-parent=\"#accordion-32458-1\" data-target=\"#c26b3dee76d16a6b7\" href=\"#c26b3dee76d16a6b7\"><span class=\"fusion-toggle-icon-wrapper\" aria-hidden=\"true\"><i class=\"fa-fusion-box active-icon awb-icon-minus\" aria-hidden=\"true\"><\/i><i class=\"fa-fusion-box inactive-icon awb-icon-plus\" aria-hidden=\"true\"><\/i><\/span><span class=\"fusion-toggle-heading\">20 de abril de 2026<\/span><\/a><\/h4><\/div><div id=\"c26b3dee76d16a6b7\" class=\"panel-collapse collapse \" aria-labelledby=\"toggle_c26b3dee76d16a6b7\"><div class=\"panel-body toggle-content fusion-clearfix\">\n<ul>\n<li><span style=\"text-decoration: underline;\"><a title=\"Ver video\" href=\"https:\/\/transformaciondigital.supertransporte.gov.co\/documentos\/2026\/Abril\/TICS_24\/Capacitacion_virtual-GRUPO_1-20260420_090610-Grabacion_de_la_reunion.mp4\" target=\"_blank\" rel=\"noopener\">Capacitacio\u0301n virtual -GRUPO 1-20260420_090610-Grabacio\u0301n de la reunio\u0301n<\/a><\/span><\/li>\n<li><span style=\"text-decoration: underline;\"><a title=\"Ver video\" href=\"https:\/\/transformaciondigital.supertransporte.gov.co\/documentos\/2026\/Abril\/TICS_24\/CAPACITACION_VIRTUAL%20_Grupo_2-20260420_110727-Grabacion_de_la_reunion.mp4\" target=\"_blank\" rel=\"noopener\">CAPACITACIO\u0301N VIRTUAL Grupo 2-20260420_110727-Grabacio\u0301n de la reunio\u0301n<\/a><\/span><\/li>\n<li><span style=\"text-decoration: underline;\"><a title=\"Ver video\" href=\"https:\/\/transformaciondigital.supertransporte.gov.co\/documentos\/2026\/Abril\/TICS_24\/CAPACITACION_VIRTUAL_Grupo_3-20260420_140522-Grabacion_de_la_reunion.mp4\" target=\"_blank\" rel=\"noopener\">CAPACITACIO\u0301N VIRTUAL Grupo 3-20260420_140522-Grabacio\u0301n de la reunio\u0301n<\/a><\/span><\/li>\n<li><span style=\"text-decoration: underline;\"><a title=\"Ver video\" href=\"https:\/\/transformaciondigital.supertransporte.gov.co\/documentos\/2026\/Abril\/TICS_24\/Capacitacion_virtual_Autoridades_de_transito-20260420_160544-Grabacion_de_la_reunion.mp4\" target=\"_blank\" rel=\"noopener\">Capacitacio\u0301n virtual Autoridades de tra\u0301nsito-20260420_160544-Grabacio\u0301n de la reunio\u0301n<\/a><\/span><\/li>\n<\/ul>\n<\/div><\/div><\/div><div class=\"fusion-panel panel-default panel-04de2d009cbee2e8b fusion-toggle-no-divider fusion-toggle-boxed-mode\" style=\"--awb-title-color:#000000;\"><div class=\"panel-heading\"><h4 class=\"panel-title toggle\" id=\"toggle_04de2d009cbee2e8b\"><a aria-expanded=\"false\" aria-controls=\"04de2d009cbee2e8b\" role=\"button\" data-toggle=\"collapse\" data-parent=\"#accordion-32458-1\" data-target=\"#04de2d009cbee2e8b\" href=\"#04de2d009cbee2e8b\"><span class=\"fusion-toggle-icon-wrapper\" aria-hidden=\"true\"><i class=\"fa-fusion-box active-icon awb-icon-minus\" aria-hidden=\"true\"><\/i><i class=\"fa-fusion-box inactive-icon awb-icon-plus\" aria-hidden=\"true\"><\/i><\/span><span class=\"fusion-toggle-heading\">31 de marzo de 2026<\/span><\/a><\/h4><\/div><div id=\"04de2d009cbee2e8b\" class=\"panel-collapse collapse \" aria-labelledby=\"toggle_04de2d009cbee2e8b\"><div class=\"panel-body toggle-content fusion-clearfix\">\n<ul>\n<li>\u00a0<a title=\"Ver video\" href=\"https:\/\/transformaciondigital.supertransporte.gov.co\/documentos\/2026\/Abril\/CAPACITACION_PARA_OT_SINST_VIGIA_2-INFORMACION_SUBJETIVA_2025-20260331_101127-Grabacion_de_la_reunion.mp4\" target=\"_blank\" rel=\"noopener\"><span style=\"text-decoration: underline;\">CAPACITACI\u00d3N PARA OT SINST VIGIA 2 &#8211; INFORMACI\u00d3N SUBJETIVA 2025<\/span><\/a><\/li>\n<\/ul>\n<\/div><\/div><\/div><\/div><\/div><div class=\"fusion-separator fusion-full-width-sep\" style=\"align-self: center;margin-left: auto;margin-right: auto;width:100%;\"><\/div><div class=\"fusion-text fusion-text-4\" style=\"--awb-text-color:#cc774b;\"><h2 style=\"text-align: left;\"><em><span style=\"font-size: 24px;\">2025<\/span><\/em><\/h2>\n<\/div><div class=\"accordian fusion-accordian\" style=\"--awb-border-size:1px;--awb-icon-size:14px;--awb-content-font-size:16px;--awb-icon-alignment:left;--awb-hover-color:#f9f9f9;--awb-border-color:#cccccc;--awb-background-color:#ffffff;--awb-divider-color:#e0dede;--awb-divider-hover-color:#e0dede;--awb-icon-color:#ffffff;--awb-title-color:#000000;--awb-content-color:#4b4b4b;--awb-icon-box-color:#808080;--awb-toggle-hover-accent-color:#2c6651;--awb-title-font-family:&quot;Montserrat&quot;;--awb-title-font-weight:600;--awb-title-font-style:normal;--awb-title-font-size:15px;--awb-content-font-family:&quot;Work Sans&quot;;--awb-content-font-style:normal;--awb-content-font-weight:regular;\"><div class=\"panel-group fusion-toggle-icon-boxed\" id=\"accordion-32458-2\"><div class=\"fusion-panel panel-default panel-0b893a95de253aef2 fusion-toggle-no-divider fusion-toggle-boxed-mode\" style=\"--awb-title-color:#000000;\"><div class=\"panel-heading\"><h4 class=\"panel-title toggle\" id=\"toggle_0b893a95de253aef2\"><a aria-expanded=\"false\" aria-controls=\"0b893a95de253aef2\" role=\"button\" data-toggle=\"collapse\" data-parent=\"#accordion-32458-2\" data-target=\"#0b893a95de253aef2\" href=\"#0b893a95de253aef2\"><span class=\"fusion-toggle-icon-wrapper\" aria-hidden=\"true\"><i class=\"fa-fusion-box active-icon awb-icon-minus\" aria-hidden=\"true\"><\/i><i class=\"fa-fusion-box inactive-icon awb-icon-plus\" aria-hidden=\"true\"><\/i><\/span><span class=\"fusion-toggle-heading\">13 de noviembre 2025 <\/span><\/a><\/h4><\/div><div id=\"0b893a95de253aef2\" class=\"panel-collapse collapse \" aria-labelledby=\"toggle_0b893a95de253aef2\"><div class=\"panel-body toggle-content fusion-clearfix\">\n<ul>\n<li>\u00a0<a title=\"Descargue documento\" href=\"https:\/\/transformaciondigital.supertransporte.gov.co\/documentos\/2025\/agenda\/capacitaciones\/noviembre\/Socializacion-ambito-juridico-SICOV-OTPC.mp4\" target=\"_blank\" rel=\"noopener\">Socializaci\u00f3n \u00e1mbito jur\u00eddico &#8211; SICOV-OTPC<\/a><\/li>\n<\/ul>\n<\/div><\/div><\/div><div class=\"fusion-panel panel-default panel-82095c1178c09db18 fusion-toggle-no-divider fusion-toggle-boxed-mode\" style=\"--awb-title-color:#000000;\"><div class=\"panel-heading\"><h4 class=\"panel-title toggle\" id=\"toggle_82095c1178c09db18\"><a aria-expanded=\"false\" aria-controls=\"82095c1178c09db18\" role=\"button\" data-toggle=\"collapse\" data-parent=\"#accordion-32458-2\" data-target=\"#82095c1178c09db18\" href=\"#82095c1178c09db18\"><span class=\"fusion-toggle-icon-wrapper\" aria-hidden=\"true\"><i class=\"fa-fusion-box active-icon awb-icon-minus\" aria-hidden=\"true\"><\/i><i class=\"fa-fusion-box inactive-icon awb-icon-plus\" aria-hidden=\"true\"><\/i><\/span><span class=\"fusion-toggle-heading\">11 de noviembre 2025 <\/span><\/a><\/h4><\/div><div id=\"82095c1178c09db18\" class=\"panel-collapse collapse \" aria-labelledby=\"toggle_82095c1178c09db18\"><div class=\"panel-body toggle-content fusion-clearfix\">\n<ul>\n<li><a title=\"Descargue documento\" href=\"https:\/\/transformaciondigital.supertransporte.gov.co\/documentos\/2025\/agenda\/capacitaciones\/noviembre\/Reunion_sobre_estado_actual_de_reportes_SICOV-OTPC-AM.mp4\" target=\"_blank\" rel=\"noopener\"><span style=\"text-decoration: underline;\">Reuni\u00f3n sobre estado actual de reportes SICOV-OTPC &#8211; Ma\u00f1ana<\/span><\/a><\/li>\n<li><a title=\"Descargue documento\" href=\"https:\/\/transformaciondigital.supertransporte.gov.co\/documentos\/2025\/agenda\/capacitaciones\/noviembre\/Reunion_sobre_estado_actual_de_reportes_SICOV-OTPC-Tarde.mp4\" target=\"_blank\" rel=\"noopener\"><span style=\"text-decoration: underline;\">Reuni\u00f3n sobre estado actual de reportes SICOV-OTPC &#8211; Tarde<\/span><\/a><\/li>\n<\/ul>\n<p>&nbsp;<\/p>\n<\/div><\/div><\/div><div class=\"fusion-panel panel-default panel-052bac04c24d0e0f5 fusion-toggle-no-divider fusion-toggle-boxed-mode\" style=\"--awb-title-color:#000000;\"><div class=\"panel-heading\"><h4 class=\"panel-title toggle\" id=\"toggle_052bac04c24d0e0f5\"><a aria-expanded=\"false\" aria-controls=\"052bac04c24d0e0f5\" role=\"button\" data-toggle=\"collapse\" data-parent=\"#accordion-32458-2\" data-target=\"#052bac04c24d0e0f5\" href=\"#052bac04c24d0e0f5\"><span class=\"fusion-toggle-icon-wrapper\" aria-hidden=\"true\"><i class=\"fa-fusion-box active-icon awb-icon-minus\" aria-hidden=\"true\"><\/i><i class=\"fa-fusion-box inactive-icon awb-icon-plus\" aria-hidden=\"true\"><\/i><\/span><span class=\"fusion-toggle-heading\">10 de noviembre 2025 <\/span><\/a><\/h4><\/div><div id=\"052bac04c24d0e0f5\" class=\"panel-collapse collapse \" aria-labelledby=\"toggle_052bac04c24d0e0f5\"><div class=\"panel-body toggle-content fusion-clearfix\">\n<ul>\n<li><a title=\"Descargue archivo\" href=\"https:\/\/transformaciondigital.supertransporte.gov.co\/documentos\/2025\/agenda\/capacitaciones\/noviembre\/Reunion-SICOV-OTPC-dirigido-a-Infraestructuras-de-Ascenso-Descenso.mp4\" target=\"_blank\" rel=\"noopener\"><span style=\"text-decoration: underline;\">Reuni\u00f3n SICOV-OTPC dirigido a Infraestructuras de Ascenso y Descenso<\/span><\/a><\/li>\n<li><a title=\"Descargue documento\" href=\"https:\/\/transformaciondigital.supertransporte.gov.co\/documentos\/2025\/agenda\/capacitaciones\/noviembre\/Reunion-seguimiento-sobre-reporte-informacion-SICOV-OTPC.mp4\" target=\"_blank\" rel=\"noopener\"><span style=\"text-decoration: underline;\">Reuni\u00f3n de seguimiento sobre reporte de informaci\u00f3n en SICOV-OTPC<\/span><\/a><\/li>\n<\/ul>\n<p>&nbsp;<\/p>\n<\/div><\/div><\/div><div class=\"fusion-panel panel-default panel-52947f04795cc6a41 fusion-toggle-no-divider fusion-toggle-boxed-mode\" style=\"--awb-title-color:#000000;\"><div class=\"panel-heading\"><h4 class=\"panel-title toggle\" id=\"toggle_52947f04795cc6a41\"><a aria-expanded=\"false\" aria-controls=\"52947f04795cc6a41\" role=\"button\" data-toggle=\"collapse\" data-parent=\"#accordion-32458-2\" data-target=\"#52947f04795cc6a41\" href=\"#52947f04795cc6a41\"><span class=\"fusion-toggle-icon-wrapper\" aria-hidden=\"true\"><i class=\"fa-fusion-box active-icon awb-icon-minus\" aria-hidden=\"true\"><\/i><i class=\"fa-fusion-box inactive-icon awb-icon-plus\" aria-hidden=\"true\"><\/i><\/span><span class=\"fusion-toggle-heading\">29 de octubre 2025 <\/span><\/a><\/h4><\/div><div id=\"52947f04795cc6a41\" class=\"panel-collapse collapse \" aria-labelledby=\"toggle_52947f04795cc6a41\"><div class=\"panel-body toggle-content fusion-clearfix\">\n<ul>\n<li><a title=\"Ingrese aqu\u00ed\" href=\"https:\/\/transformaciondigital.supertransporte.gov.co\/documentos\/2025\/agenda\/capacitaciones\/noviembre\/Presentacion-SICOV-OTPC-Dirigido-Infraestructura-Ascenso-Descenso.mp4\" target=\"_blank\" rel=\"noopener\"><span style=\"text-decoration: underline;\">Presentaci\u00f3n SICOV-OTPC dirigido a Infraestructuras de Ascenso y Descenso de Pasajeros<\/span><\/a><\/li>\n<\/ul>\n<p>&nbsp;<\/p>\n<\/div><\/div><\/div><div class=\"fusion-panel panel-default panel-fce1e9160e3db1a22 fusion-toggle-no-divider fusion-toggle-boxed-mode\" style=\"--awb-title-color:#000000;\"><div class=\"panel-heading\"><h4 class=\"panel-title toggle\" id=\"toggle_fce1e9160e3db1a22\"><a aria-expanded=\"false\" aria-controls=\"fce1e9160e3db1a22\" role=\"button\" data-toggle=\"collapse\" data-parent=\"#accordion-32458-2\" data-target=\"#fce1e9160e3db1a22\" href=\"#fce1e9160e3db1a22\"><span class=\"fusion-toggle-icon-wrapper\" aria-hidden=\"true\"><i class=\"fa-fusion-box active-icon awb-icon-minus\" aria-hidden=\"true\"><\/i><i class=\"fa-fusion-box inactive-icon awb-icon-plus\" aria-hidden=\"true\"><\/i><\/span><span class=\"fusion-toggle-heading\">1 de octubre 2025 <\/span><\/a><\/h4><\/div><div id=\"fce1e9160e3db1a22\" class=\"panel-collapse collapse \" aria-labelledby=\"toggle_fce1e9160e3db1a22\"><div class=\"panel-body toggle-content fusion-clearfix\">\n<ul>\n<li><a title=\"Descargue documento\" href=\"https:\/\/transformaciondigital.supertransporte.gov.co\/documentos\/2025\/agenda\/capacitaciones\/septiembre\/30-09-2025-Capacitacion-Seguimiento-Empresas-Pasajeros-Carretera-SICOV-OTPC-sesion-1.mp4\" target=\"_blank\" rel=\"noopener\"><span style=\"text-decoration: underline;\">Tercera sesi\u00f3n de seguimiento SICOV-OTPC dirigido a Empresas de Pasajeros por Carretera<\/span><\/a><\/li>\n<\/ul>\n<p>&nbsp;<\/p>\n<\/div><\/div><\/div><div class=\"fusion-panel panel-default panel-bc27c5b73ace9130f fusion-toggle-no-divider fusion-toggle-boxed-mode\" style=\"--awb-title-color:#000000;\"><div class=\"panel-heading\"><h4 class=\"panel-title toggle\" id=\"toggle_bc27c5b73ace9130f\"><a aria-expanded=\"false\" aria-controls=\"bc27c5b73ace9130f\" role=\"button\" data-toggle=\"collapse\" data-parent=\"#accordion-32458-2\" data-target=\"#bc27c5b73ace9130f\" href=\"#bc27c5b73ace9130f\"><span class=\"fusion-toggle-icon-wrapper\" aria-hidden=\"true\"><i class=\"fa-fusion-box active-icon awb-icon-minus\" aria-hidden=\"true\"><\/i><i class=\"fa-fusion-box inactive-icon awb-icon-plus\" aria-hidden=\"true\"><\/i><\/span><span class=\"fusion-toggle-heading\">30 de septiembre 2025 <\/span><\/a><\/h4><\/div><div id=\"bc27c5b73ace9130f\" class=\"panel-collapse collapse \" aria-labelledby=\"toggle_bc27c5b73ace9130f\"><div class=\"panel-body toggle-content fusion-clearfix\">\n<ul>\n<li><a title=\"Descargue documento\" href=\"https:\/\/transformaciondigital.supertransporte.gov.co\/documentos\/2025\/agenda\/capacitaciones\/septiembre\/30-09-2025-Capacitacion-Seguimiento-Empresas-Pasajeros-Carretera-SICOV-OTPC-sesion-1.mp4\" target=\"_blank\" rel=\"noopener\"><span style=\"text-decoration: underline;\">Primera sesi\u00f3n de seguimiento SICOV-OTPC dirigido a Empresas de Pasajeros por Carretera<\/span><\/a><\/li>\n<li><a title=\"Descargue documento\" href=\"https:\/\/transformaciondigital.supertransporte.gov.co\/documentos\/2025\/agenda\/capacitaciones\/septiembre\/30-09-202Capacitacion-Seguimiento-Empresas-Pasajeros-Carretera-SICOV-OTPC-sesion-2.mp4\" target=\"_blank\" rel=\"noopener\"><span style=\"text-decoration: underline;\">Segunda sesi\u00f3n de seguimiento SICOV-OTPC dirigido a Empresas de Pasajeros por Carretera<\/span><\/a><\/li>\n<\/ul>\n<p>&nbsp;<\/p>\n<\/div><\/div><\/div><div class=\"fusion-panel panel-default panel-3561ce4e29662b794 fusion-toggle-no-divider fusion-toggle-boxed-mode\" style=\"--awb-title-color:#000000;\"><div class=\"panel-heading\"><h4 class=\"panel-title toggle\" id=\"toggle_3561ce4e29662b794\"><a aria-expanded=\"false\" aria-controls=\"3561ce4e29662b794\" role=\"button\" data-toggle=\"collapse\" data-parent=\"#accordion-32458-2\" data-target=\"#3561ce4e29662b794\" href=\"#3561ce4e29662b794\"><span class=\"fusion-toggle-icon-wrapper\" aria-hidden=\"true\"><i class=\"fa-fusion-box active-icon awb-icon-minus\" aria-hidden=\"true\"><\/i><i class=\"fa-fusion-box inactive-icon awb-icon-plus\" aria-hidden=\"true\"><\/i><\/span><span class=\"fusion-toggle-heading\">24 de septiembre 2025 <\/span><\/a><\/h4><\/div><div id=\"3561ce4e29662b794\" class=\"panel-collapse collapse \" aria-labelledby=\"toggle_3561ce4e29662b794\"><div class=\"panel-body toggle-content fusion-clearfix\">\n<ul>\n<li><span style=\"text-decoration: underline;\"><a title=\"Ingrese aqu\u00ed\" href=\"https:\/\/transformaciondigital.supertransporte.gov.co\/documentos\/2025\/agenda\/capacitaciones\/septiembre\/Capacitacion-organismos-tranisto-ingresos-brutos-SAST.mp4\" target=\"_blank\" rel=\"noopener\">Segunda Capacitaci\u00f3n proceso de reporte de informaci\u00f3n financiera para Organismos de Transito \u2013 Clic para ver la grabaci\u00f3n<\/a><\/span><\/li>\n<li><a title=\"Descargue aqui\" href=\"https:\/\/transformaciondigital.supertransporte.gov.co\/documentos\/2025\/agenda\/capacitaciones\/septiembre\/Contexto_del_requerimiento_y_resolucion_de_dudas-20250924_141139-Grabacion_de_la_reunion.mp4\" target=\"_blank\" rel=\"noopener\"><span style=\"text-decoration: underline;\">Tercera Capacitaci\u00f3n proceso de reporte de informaci\u00f3n financiera para Organismos de Transito \u2013 Clic para ver la grabaci\u00f3n<\/span><\/a><\/li>\n<\/ul>\n<\/div><\/div><\/div><div class=\"fusion-panel panel-default panel-eebbf9a675c909ac6 fusion-toggle-no-divider fusion-toggle-boxed-mode\" style=\"--awb-title-color:#000000;\"><div class=\"panel-heading\"><h4 class=\"panel-title toggle\" id=\"toggle_eebbf9a675c909ac6\"><a aria-expanded=\"false\" aria-controls=\"eebbf9a675c909ac6\" role=\"button\" data-toggle=\"collapse\" data-parent=\"#accordion-32458-2\" data-target=\"#eebbf9a675c909ac6\" href=\"#eebbf9a675c909ac6\"><span class=\"fusion-toggle-icon-wrapper\" aria-hidden=\"true\"><i class=\"fa-fusion-box active-icon awb-icon-minus\" aria-hidden=\"true\"><\/i><i class=\"fa-fusion-box inactive-icon awb-icon-plus\" aria-hidden=\"true\"><\/i><\/span><span class=\"fusion-toggle-heading\">23 de septiembre 2025 <\/span><\/a><\/h4><\/div><div id=\"eebbf9a675c909ac6\" class=\"panel-collapse collapse \" aria-labelledby=\"toggle_eebbf9a675c909ac6\"><div class=\"panel-body toggle-content fusion-clearfix\">\n<ul>\n<li><a title=\"Descargue aqui\" href=\"https:\/\/transformaciondigital.supertransporte.gov.co\/documentos\/2025\/agenda\/capacitaciones\/septiembre\/23-09-2025_Taller_de_Capacitacion_Puertos.mp4\" target=\"_blank\" rel=\"noopener\"><span style=\"text-decoration: underline;\">Capacitaci\u00f3n de puertos- Clic para ver la grabaci\u00f3n<\/span><\/a><\/li>\n<li><span style=\"text-decoration: underline;\"><a title=\"Ingrese aqu\u00ed\" href=\"https:\/\/transformaciondigital.supertransporte.gov.co\/documentos\/2025\/agenda\/capacitaciones\/septiembre\/23-09-2025_TALLER_DE_CAPACITACION-ALCALDIAS.mp4\" target=\"_blank\" rel=\"noopener\">Taller capacitaci\u00f3n Alcald\u00edas \u2013 Clic para ver la grabaci\u00f3n<\/a><\/span><\/li>\n<li><a title=\"Descargue aqui\" href=\"https:\/\/transformaciondigital.supertransporte.gov.co\/documentos\/2025\/agenda\/capacitaciones\/septiembre\/23-09-2025_Taller_de_capacitacion-puestos.mp4\" target=\"_blank\" rel=\"noopener\"><span style=\"text-decoration: underline;\">Capacitaci\u00f3n de puestos- Clic para ver la grabaci\u00f3n<\/span><\/a><\/li>\n<\/ul>\n<\/div><\/div><\/div><div class=\"fusion-panel panel-default panel-ac41932f74ba1ba72 fusion-toggle-no-divider fusion-toggle-boxed-mode\" style=\"--awb-title-color:#000000;\"><div class=\"panel-heading\"><h4 class=\"panel-title toggle\" id=\"toggle_ac41932f74ba1ba72\"><a aria-expanded=\"false\" aria-controls=\"ac41932f74ba1ba72\" role=\"button\" data-toggle=\"collapse\" data-parent=\"#accordion-32458-2\" data-target=\"#ac41932f74ba1ba72\" href=\"#ac41932f74ba1ba72\"><span class=\"fusion-toggle-icon-wrapper\" aria-hidden=\"true\"><i class=\"fa-fusion-box active-icon awb-icon-minus\" aria-hidden=\"true\"><\/i><i class=\"fa-fusion-box inactive-icon awb-icon-plus\" aria-hidden=\"true\"><\/i><\/span><span class=\"fusion-toggle-heading\">22 de septiembre 2025 <\/span><\/a><\/h4><\/div><div id=\"ac41932f74ba1ba72\" class=\"panel-collapse collapse \" aria-labelledby=\"toggle_ac41932f74ba1ba72\"><div class=\"panel-body toggle-content fusion-clearfix\">\n<ul>\n<li><span style=\"text-decoration: underline;\"><a title=\"Ingrese aqu\u00ed\" href=\"https:\/\/transformaciondigital.supertransporte.gov.co\/documentos\/2025\/agenda\/capacitaciones\/septiembre\/Reunion_Capacitacion_Organismos_de_Transito-20250922_091547-Grabacion_de_la_reunion.mp4\" target=\"_blank\" rel=\"noopener\">Capacitaci\u00f3n proceso de reporte de informaci\u00f3n financiera para Organismos de Transito 22-09-2025 &#8211; Clic para ver la grabaci\u00f3n<\/a><\/span><\/li>\n<\/ul>\n<\/div><\/div><\/div><div class=\"fusion-panel panel-default panel-109f8f32a23a868c1 fusion-toggle-no-divider fusion-toggle-boxed-mode\" style=\"--awb-title-color:#000000;\"><div class=\"panel-heading\"><h4 class=\"panel-title toggle\" id=\"toggle_109f8f32a23a868c1\"><a aria-expanded=\"false\" aria-controls=\"109f8f32a23a868c1\" role=\"button\" data-toggle=\"collapse\" data-parent=\"#accordion-32458-2\" data-target=\"#109f8f32a23a868c1\" href=\"#109f8f32a23a868c1\"><span class=\"fusion-toggle-icon-wrapper\" aria-hidden=\"true\"><i class=\"fa-fusion-box active-icon awb-icon-minus\" aria-hidden=\"true\"><\/i><i class=\"fa-fusion-box inactive-icon awb-icon-plus\" aria-hidden=\"true\"><\/i><\/span><span class=\"fusion-toggle-heading\">16 de septiembre 2025 <\/span><\/a><\/h4><\/div><div id=\"109f8f32a23a868c1\" class=\"panel-collapse collapse \" aria-labelledby=\"toggle_109f8f32a23a868c1\"><div class=\"panel-body toggle-content fusion-clearfix\">\n<ul>\n<li><span style=\"text-decoration: underline;\"><a title=\"Ingrese aqu\u00ed\" href=\"https:\/\/transformaciondigital.supertransporte.gov.co\/documentos\/2025\/agenda\/capacitaciones\/septiembre\/16-09-2025_Taller_de_Capacitacion_Alcaldias.mp4\" target=\"_blank\" rel=\"noopener\">Taller capacitaci\u00f3n Alcald\u00edas \u2013 Clic para ver la grabaci\u00f3n<\/a><\/span><\/li>\n<\/ul>\n<\/div><\/div><\/div><div class=\"fusion-panel panel-default panel-0917c25dc329b1dca fusion-toggle-no-divider fusion-toggle-boxed-mode\" style=\"--awb-title-color:#000000;\"><div class=\"panel-heading\"><h4 class=\"panel-title toggle\" id=\"toggle_0917c25dc329b1dca\"><a aria-expanded=\"false\" aria-controls=\"0917c25dc329b1dca\" role=\"button\" data-toggle=\"collapse\" data-parent=\"#accordion-32458-2\" data-target=\"#0917c25dc329b1dca\" href=\"#0917c25dc329b1dca\"><span class=\"fusion-toggle-icon-wrapper\" aria-hidden=\"true\"><i class=\"fa-fusion-box active-icon awb-icon-minus\" aria-hidden=\"true\"><\/i><i class=\"fa-fusion-box inactive-icon awb-icon-plus\" aria-hidden=\"true\"><\/i><\/span><span class=\"fusion-toggle-heading\">11 de septiembre 2025 <\/span><\/a><\/h4><\/div><div id=\"0917c25dc329b1dca\" class=\"panel-collapse collapse \" aria-labelledby=\"toggle_0917c25dc329b1dca\"><div class=\"panel-body toggle-content fusion-clearfix\">\n<ul>\n<li><span style=\"text-decoration: underline;\"><a title=\"Ingrese aqu\u00ed\" href=\"https:\/\/transformaciondigital.supertransporte.gov.co\/documentos\/2025\/agenda\/capacitaciones\/septiembre\/11-09-2025-Taller-de-Capacitacion-Puertos-SISNT-VIGIA-2.0.mp4\" target=\"_blank\" rel=\"noopener\">Taller de capacitaci\u00f3n Puertos SINS &#8211; VIGIA 2 &#8211; Clic para ver la grabaci\u00f3n<\/a><\/span><\/li>\n<\/ul>\n<\/div><\/div><\/div><div class=\"fusion-panel panel-default panel-bcc9258ebdc124951 fusion-toggle-no-divider fusion-toggle-boxed-mode\" style=\"--awb-title-color:#000000;\"><div class=\"panel-heading\"><h4 class=\"panel-title toggle\" id=\"toggle_bcc9258ebdc124951\"><a aria-expanded=\"false\" aria-controls=\"bcc9258ebdc124951\" role=\"button\" data-toggle=\"collapse\" data-parent=\"#accordion-32458-2\" data-target=\"#bcc9258ebdc124951\" href=\"#bcc9258ebdc124951\"><span class=\"fusion-toggle-icon-wrapper\" aria-hidden=\"true\"><i class=\"fa-fusion-box active-icon awb-icon-minus\" aria-hidden=\"true\"><\/i><i class=\"fa-fusion-box inactive-icon awb-icon-plus\" aria-hidden=\"true\"><\/i><\/span><span class=\"fusion-toggle-heading\">9 de septiembre 2025 <\/span><\/a><\/h4><\/div><div id=\"bcc9258ebdc124951\" class=\"panel-collapse collapse \" aria-labelledby=\"toggle_bcc9258ebdc124951\"><div class=\"panel-body toggle-content fusion-clearfix\">\n<ul>\n<li><span style=\"text-decoration: underline;\"><a title=\"Ingrese aqu\u00ed\" href=\"https:\/\/transformaciondigital.supertransporte.gov.co\/documentos\/2025\/agenda\/capacitaciones\/septiembre\/09-09-2025-Taller-de-Capacitacion-Transito-SINST-VIGIA-2.0.mp4\" target=\"_blank\" rel=\"noopener\">Taller de capacitaci\u00f3n transito SINS &#8211; VIGIA 2 &#8211; Clic para ver la grabaci\u00f3n<\/a><\/span><\/li>\n<li><span style=\"text-decoration: underline;\"><a title=\"Ingrese aqu\u00ed\" href=\"\/documentos\/2025\/agenda\/capacitaciones\/septiembre\/09-09-2025-Taller-de-Capacitacion-Alcaldias-SINST-VIGIA-2.0.mp4\" target=\"_blank\" rel=\"noopener\">Taller de capacitaci\u00f3n SINS &#8211; VIGIA 2 Alcald\u00eda &#8211; Clic para ver la grabaci\u00f3n<\/a><\/span><\/li>\n<\/ul>\n<\/div><\/div><\/div><div class=\"fusion-panel panel-default panel-337a1bb3a4e37241a fusion-toggle-no-divider fusion-toggle-boxed-mode\" style=\"--awb-title-color:#000000;\"><div class=\"panel-heading\"><h4 class=\"panel-title toggle\" id=\"toggle_337a1bb3a4e37241a\"><a aria-expanded=\"false\" aria-controls=\"337a1bb3a4e37241a\" role=\"button\" data-toggle=\"collapse\" data-parent=\"#accordion-32458-2\" data-target=\"#337a1bb3a4e37241a\" href=\"#337a1bb3a4e37241a\"><span class=\"fusion-toggle-icon-wrapper\" aria-hidden=\"true\"><i class=\"fa-fusion-box active-icon awb-icon-minus\" aria-hidden=\"true\"><\/i><i class=\"fa-fusion-box inactive-icon awb-icon-plus\" aria-hidden=\"true\"><\/i><\/span><span class=\"fusion-toggle-heading\">4 de septiembre 2025 <\/span><\/a><\/h4><\/div><div id=\"337a1bb3a4e37241a\" class=\"panel-collapse collapse \" aria-labelledby=\"toggle_337a1bb3a4e37241a\"><div class=\"panel-body toggle-content fusion-clearfix\">\n<ul>\n<li><span style=\"text-decoration: underline;\"><a title=\"Ingrese aqu\u00ed\" href=\"https:\/\/transformaciondigital.supertransporte.gov.co\/documentos\/2025\/agenda\/capacitaciones\/septiembre\/04-09-2025-Taller-de-Capacitacion-SINST-VIGIA-2.0-Puertos.mp4\" target=\"_blank\" rel=\"noopener\">Taller de capacitaci\u00f3n SINS &#8211; VIGIA 2 Puertos &#8211; Clic para ver la grabaci\u00f3n<\/a><\/span><\/li>\n<li><span style=\"text-decoration: underline;\"><a title=\"Ingrese aqu\u00ed\" href=\"\/documentos\/2025\/\/agenda\/capacitaciones\/septiembre\/04-09-2025-Taller-de-Capacitacion-Alcadias-SINST-VIGIA-2.0.mp4\" target=\"_blank\" rel=\"noopener\">Taller de capacitaci\u00f3n SINS &#8211; VIGIA 2 Alcald\u00eda &#8211; Clic para ver la grabaci\u00f3n<\/a><\/span><\/li>\n<\/ul>\n<\/div><\/div><\/div><div class=\"fusion-panel panel-default panel-3cf48b829d5f90354 fusion-toggle-no-divider fusion-toggle-boxed-mode\" style=\"--awb-title-color:#000000;\"><div class=\"panel-heading\"><h4 class=\"panel-title toggle\" id=\"toggle_3cf48b829d5f90354\"><a aria-expanded=\"false\" aria-controls=\"3cf48b829d5f90354\" role=\"button\" data-toggle=\"collapse\" data-parent=\"#accordion-32458-2\" data-target=\"#3cf48b829d5f90354\" href=\"#3cf48b829d5f90354\"><span class=\"fusion-toggle-icon-wrapper\" aria-hidden=\"true\"><i class=\"fa-fusion-box active-icon awb-icon-minus\" aria-hidden=\"true\"><\/i><i class=\"fa-fusion-box inactive-icon awb-icon-plus\" aria-hidden=\"true\"><\/i><\/span><span class=\"fusion-toggle-heading\">28 de agosto 2025 <\/span><\/a><\/h4><\/div><div id=\"3cf48b829d5f90354\" class=\"panel-collapse collapse \" aria-labelledby=\"toggle_3cf48b829d5f90354\"><div class=\"panel-body toggle-content fusion-clearfix\">\n<ul>\n<li><a title=\"Ingresa aqu\u00ed\" href=\"\/documentos\/2025\/agenda\/capacitaciones\/agosto\/28-08-2029_Taller_de-Capacitacion_Alcadias.mp4\" target=\"_blank\" rel=\"noopener\"><span style=\"text-decoration: underline;\">Taller de capacitaci\u00f3n Alcald\u00edas<\/span><\/a><\/li>\n<\/ul>\n<\/div><\/div><\/div><div class=\"fusion-panel panel-default panel-4e9e7416c6c03bf46 fusion-toggle-no-divider fusion-toggle-boxed-mode\" style=\"--awb-title-color:#000000;\"><div class=\"panel-heading\"><h4 class=\"panel-title toggle\" id=\"toggle_4e9e7416c6c03bf46\"><a aria-expanded=\"false\" aria-controls=\"4e9e7416c6c03bf46\" role=\"button\" data-toggle=\"collapse\" data-parent=\"#accordion-32458-2\" data-target=\"#4e9e7416c6c03bf46\" href=\"#4e9e7416c6c03bf46\"><span class=\"fusion-toggle-icon-wrapper\" aria-hidden=\"true\"><i class=\"fa-fusion-box active-icon awb-icon-minus\" aria-hidden=\"true\"><\/i><i class=\"fa-fusion-box inactive-icon awb-icon-plus\" aria-hidden=\"true\"><\/i><\/span><span class=\"fusion-toggle-heading\">27 de agosto 2025 <\/span><\/a><\/h4><\/div><div id=\"4e9e7416c6c03bf46\" class=\"panel-collapse collapse \" aria-labelledby=\"toggle_4e9e7416c6c03bf46\"><div class=\"panel-body toggle-content fusion-clearfix\">\n<ul>\n<li><a title=\"Ingresa aqu\u00ed\" href=\"\/documentos\/2025\/agenda\/capacitaciones\/1-Lineamientos-SICOV-OTPC-Empresas-de-Pasajeros-por-Carretera-20250827.mp4\" target=\"_blank\" rel=\"noopener\"><span style=\"text-decoration: underline;\">SICOV OTPC &#8211; Lineamientos Empresas de Pasajeros por Carretera &#8211; Clic para ver la grabaci\u00f3n<\/span><\/a><\/li>\n<li><a title=\"Ingrese aqu\u00ed\" href=\"\/documentos\/2025\/agenda\/capacitaciones\/2-Lineamientos-SICOV-OTPC-Empresas-de-Pasajeros-por-Carretera-20250827.mp4\" target=\"_blank\" rel=\"noopener\"><span style=\"text-decoration: underline;\">SICOV OTPC &#8211; Lineamientos Empresas de Pasajeros por Carretera &#8211; Clic para ver la grabaci\u00f3n<\/span><\/a><\/li>\n<\/ul>\n<\/div><\/div><\/div><div class=\"fusion-panel panel-default panel-521314f838a5fd49b fusion-toggle-no-divider fusion-toggle-boxed-mode\" style=\"--awb-title-color:#000000;\"><div class=\"panel-heading\"><h4 class=\"panel-title toggle\" id=\"toggle_521314f838a5fd49b\"><a aria-expanded=\"false\" aria-controls=\"521314f838a5fd49b\" role=\"button\" data-toggle=\"collapse\" data-parent=\"#accordion-32458-2\" data-target=\"#521314f838a5fd49b\" href=\"#521314f838a5fd49b\"><span class=\"fusion-toggle-icon-wrapper\" aria-hidden=\"true\"><i class=\"fa-fusion-box active-icon awb-icon-minus\" aria-hidden=\"true\"><\/i><i class=\"fa-fusion-box inactive-icon awb-icon-plus\" aria-hidden=\"true\"><\/i><\/span><span class=\"fusion-toggle-heading\">25 de agosto 2025 <\/span><\/a><\/h4><\/div><div id=\"521314f838a5fd49b\" class=\"panel-collapse collapse \" aria-labelledby=\"toggle_521314f838a5fd49b\"><div class=\"panel-body toggle-content fusion-clearfix\">\n<ul>\n<li><a title=\"Ingrese aqu\u00ed\" href=\"\/documentos\/2025\/agenda\/capacitaciones\/25_08_2025_SICOV-OTPC-Lineamientos-ambiente-produccion-dirigido-Terminales.mp4\" target=\"_blank\" rel=\"noopener\"><span style=\"text-decoration: underline;\">SICOV OTPC &#8211; Lineamientos ambiente producci\u00f3n dirigido a Terminales &#8211; Clic para ver la grabaci\u00f3n<\/span><\/a><\/li>\n<li><a title=\"Ingrese aqu\u00ed\" href=\"\/documentos\/2025\/agenda\/capacitaciones\/20250825_Lineamientos_ambiente_produccion_entrega_credenciales_SICOV_OTPC_2.mp4\" target=\"_blank\" rel=\"noopener\"><span style=\"text-decoration: underline;\">SICOV OTPC &#8211; Lineamientos ambiente producci\u00f3n y entrega credenciales &#8211; Terminales &#8211; Clic para ver la grabaci\u00f3n<\/span><\/a><\/li>\n<\/ul>\n<\/div><\/div><\/div><div class=\"fusion-panel panel-default panel-b211c692b8d5a1666 fusion-toggle-no-divider fusion-toggle-boxed-mode\" style=\"--awb-title-color:#000000;\"><div class=\"panel-heading\"><h4 class=\"panel-title toggle\" id=\"toggle_b211c692b8d5a1666\"><a aria-expanded=\"false\" aria-controls=\"b211c692b8d5a1666\" role=\"button\" data-toggle=\"collapse\" data-parent=\"#accordion-32458-2\" data-target=\"#b211c692b8d5a1666\" href=\"#b211c692b8d5a1666\"><span class=\"fusion-toggle-icon-wrapper\" aria-hidden=\"true\"><i class=\"fa-fusion-box active-icon awb-icon-minus\" aria-hidden=\"true\"><\/i><i class=\"fa-fusion-box inactive-icon awb-icon-plus\" aria-hidden=\"true\"><\/i><\/span><span class=\"fusion-toggle-heading\">14 de agosto 2025 <\/span><\/a><\/h4><\/div><div id=\"b211c692b8d5a1666\" class=\"panel-collapse collapse \" aria-labelledby=\"toggle_b211c692b8d5a1666\"><div class=\"panel-body toggle-content fusion-clearfix\">\n<ul>\n<li><a title=\"Descargue documento\" href=\"\/documentos\/2025\/agenda\/capacitaciones\/agosto\/14-08-2025-Taller-de-Capacitacion-SINST-Vigia-2.0.mp4\" target=\"_blank\" rel=\"noopener\"><span style=\"text-decoration: underline;\">Taller de capacitaci\u00f3n<\/span><span style=\"text-decoration: underline;\"> SING VIGIA 2<\/span><\/a><\/li>\n<\/ul>\n<\/div><\/div><\/div><div class=\"fusion-panel panel-default panel-20d0adf3e8891a2ae fusion-toggle-no-divider fusion-toggle-boxed-mode\" style=\"--awb-title-color:#000000;\"><div class=\"panel-heading\"><h4 class=\"panel-title toggle\" id=\"toggle_20d0adf3e8891a2ae\"><a aria-expanded=\"false\" aria-controls=\"20d0adf3e8891a2ae\" role=\"button\" data-toggle=\"collapse\" data-parent=\"#accordion-32458-2\" data-target=\"#20d0adf3e8891a2ae\" href=\"#20d0adf3e8891a2ae\"><span class=\"fusion-toggle-icon-wrapper\" aria-hidden=\"true\"><i class=\"fa-fusion-box active-icon awb-icon-minus\" aria-hidden=\"true\"><\/i><i class=\"fa-fusion-box inactive-icon awb-icon-plus\" aria-hidden=\"true\"><\/i><\/span><span class=\"fusion-toggle-heading\">6 de agosto 2025 <\/span><\/a><\/h4><\/div><div id=\"20d0adf3e8891a2ae\" class=\"panel-collapse collapse \" aria-labelledby=\"toggle_20d0adf3e8891a2ae\"><div class=\"panel-body toggle-content fusion-clearfix\">\n<ul>\n<li><a title=\"Ingrese aqu\u00ed\" href=\"\/documentos\/2025\/agenda\/capacitaciones\/agosto\/06-08-2025-Capacitacion-modulo-SICOV-Operacion-de-Transporte-de-Pasajeros-por-Carretera.mp4\" target=\"_blank\" rel=\"noopener\"><span style=\"text-decoration: underline;\">Capacitaci\u00f3n m\u00f3dulo SICOV de Operaci\u00f3n de Transporte de Pasajeros por Carretera<\/span><\/a><\/li>\n<\/ul>\n<\/div><\/div><\/div><div class=\"fusion-panel panel-default panel-1f4f398bca57bd37c fusion-toggle-no-divider fusion-toggle-boxed-mode\" style=\"--awb-title-color:#000000;\"><div class=\"panel-heading\"><h4 class=\"panel-title toggle\" id=\"toggle_1f4f398bca57bd37c\"><a aria-expanded=\"false\" aria-controls=\"1f4f398bca57bd37c\" role=\"button\" data-toggle=\"collapse\" data-parent=\"#accordion-32458-2\" data-target=\"#1f4f398bca57bd37c\" href=\"#1f4f398bca57bd37c\"><span class=\"fusion-toggle-icon-wrapper\" aria-hidden=\"true\"><i class=\"fa-fusion-box active-icon awb-icon-minus\" aria-hidden=\"true\"><\/i><i class=\"fa-fusion-box inactive-icon awb-icon-plus\" aria-hidden=\"true\"><\/i><\/span><span class=\"fusion-toggle-heading\">18 de julio 2025 <\/span><\/a><\/h4><\/div><div id=\"1f4f398bca57bd37c\" class=\"panel-collapse collapse \" aria-labelledby=\"toggle_1f4f398bca57bd37c\"><div class=\"panel-body toggle-content fusion-clearfix\">\n<ul>\n<li><span style=\"text-decoration: underline;\"><a title=\"Acceder a la capacitaci\u00f3n\" href=\"\/documentos\/2025\/agenda\/capacitaciones\/julio\/18-07-1015-Capacitacion-modulo-SICOV-OTPC-Grupo-9.mp4\" target=\"_blank\" rel=\"noopener\">Capacitaci\u00f3n M\u00f3dulo SICOV OTPC Grupo 9 \u2013 Clic para ver la grabaci\u00f3n<\/a><\/span><\/li>\n<li><a title=\"Acceder a la capacitaci\u00f3n\" href=\"\/documentos\/2025\/agenda\/capacitaciones\/julio\/18-07-2025-Capacitacion-modulo-SICOV-OTPC-Grupo-10.mp4\" target=\"_blank\" rel=\"noopener\"><span style=\"text-decoration: underline;\">Capacitaci\u00f3n M\u00f3dulo SICOV OTPC Grupo 10 \u2013 Clic para ver la grabaci\u00f3n<\/span><\/a><\/li>\n<\/ul>\n<\/div><\/div><\/div><div class=\"fusion-panel panel-default panel-ce8e18ecb6aa9d847 fusion-toggle-no-divider fusion-toggle-boxed-mode\" style=\"--awb-title-color:#000000;\"><div class=\"panel-heading\"><h4 class=\"panel-title toggle\" id=\"toggle_ce8e18ecb6aa9d847\"><a aria-expanded=\"false\" aria-controls=\"ce8e18ecb6aa9d847\" role=\"button\" data-toggle=\"collapse\" data-parent=\"#accordion-32458-2\" data-target=\"#ce8e18ecb6aa9d847\" href=\"#ce8e18ecb6aa9d847\"><span class=\"fusion-toggle-icon-wrapper\" aria-hidden=\"true\"><i class=\"fa-fusion-box active-icon awb-icon-minus\" aria-hidden=\"true\"><\/i><i class=\"fa-fusion-box inactive-icon awb-icon-plus\" aria-hidden=\"true\"><\/i><\/span><span class=\"fusion-toggle-heading\">17 de julio 2025 <\/span><\/a><\/h4><\/div><div id=\"ce8e18ecb6aa9d847\" class=\"panel-collapse collapse \" aria-labelledby=\"toggle_ce8e18ecb6aa9d847\"><div class=\"panel-body toggle-content fusion-clearfix\">\n<ul>\n<li><span style=\"text-decoration: underline;\"><a title=\"Acceder a la capacitaci\u00f3n\" href=\"\/documentos\/2025\/agenda\/capacitaciones\/julio\/17-07-2025-Capacitacion-modulo-SICOV-OTPC-Grupo-5.mp4\" target=\"_blank\" rel=\"noopener\">Capacitaci\u00f3n M\u00f3dulo SICOV OTPC Grupo 5 \u2013 Clic para ver la grabaci\u00f3n<\/a><\/span><\/li>\n<li><span style=\"text-decoration: underline;\"><a title=\"Acceder a la capacitaci\u00f3n\" href=\"\/documentos\/2025\/agenda\/capacitaciones\/julio\/17-07-2025-Capacitacion-modulo-SICOV-OTPC -Grupo-6.mp4\" target=\"_blank\" rel=\"noopener\">Capacitaci\u00f3n M\u00f3dulo SICOV OTPC Grupo 6 \u2013 Clic para ver la grabaci\u00f3n<\/a><\/span><\/li>\n<li><span style=\"text-decoration: underline;\"><a title=\"Acceder a la capacitaci\u00f3n\" href=\"\/documentos\/2025\/agenda\/capacitaciones\/julio\/17-07-2025-Capacitacion-modulo-SICOV-OTPC-Grupo-7.mp4\" target=\"_blank\" rel=\"noopener\">Capacitaci\u00f3n M\u00f3dulo SICOV OTPC Grupo 7 \u2013 Clic para ver la grabaci\u00f3n<\/a><\/span><\/li>\n<li><a title=\"Acceder a la capacitaci\u00f3n\" href=\"\/documentos\/2025\/agenda\/capacitaciones\/julio\/17-07-2025-Capacitacion-modulo-SICOV-OTPC-Grupo-8.mp4\" target=\"_blank\" rel=\"noopener\"><span style=\"text-decoration: underline;\">Capacitaci\u00f3n M\u00f3dulo SICOV OTPC Grupo 8 \u2013 Clic para ver la grabaci\u00f3n<\/span><\/a><\/li>\n<\/ul>\n<\/div><\/div><\/div><div class=\"fusion-panel panel-default panel-ba2ce955b534394a3 fusion-toggle-no-divider fusion-toggle-boxed-mode\" style=\"--awb-title-color:#000000;\"><div class=\"panel-heading\"><h4 class=\"panel-title toggle\" id=\"toggle_ba2ce955b534394a3\"><a aria-expanded=\"false\" aria-controls=\"ba2ce955b534394a3\" role=\"button\" data-toggle=\"collapse\" data-parent=\"#accordion-32458-2\" data-target=\"#ba2ce955b534394a3\" href=\"#ba2ce955b534394a3\"><span class=\"fusion-toggle-icon-wrapper\" aria-hidden=\"true\"><i class=\"fa-fusion-box active-icon awb-icon-minus\" aria-hidden=\"true\"><\/i><i class=\"fa-fusion-box inactive-icon awb-icon-plus\" aria-hidden=\"true\"><\/i><\/span><span class=\"fusion-toggle-heading\">16 de julio 2025 <\/span><\/a><\/h4><\/div><div id=\"ba2ce955b534394a3\" class=\"panel-collapse collapse \" aria-labelledby=\"toggle_ba2ce955b534394a3\"><div class=\"panel-body toggle-content fusion-clearfix\">\n<ul>\n<li><span style=\"text-decoration: underline;\"><a title=\"Acceder a la capacitaci\u00f3n\" href=\"\/documentos\/2025\/agenda\/capacitaciones\/julio\/16-07-2025-Capacitacion-SINST-Vigia-2.0-Fedetranscarga.mp4\" target=\"_blank\" rel=\"noopener\">Capacitaci\u00f3n Soporte virtual SINST \u2013 Vig\u00eda 2.0 (Fedetranscarga)-Clic para ver la grabaci\u00f3n<\/a><\/span><\/li>\n<li><span style=\"text-decoration: underline;\"><a title=\"Acceder a la capacitaci\u00f3n\" href=\"\/documentos\/2025\/agenda\/capacitaciones\/julio\/16-07-2025-Capacitacion-SINST-Vigia-2.0-Defencarga.mp4\" target=\"_blank\" rel=\"noopener\">Capacitaci\u00f3n Soporte virtual SINST \u2013 Vig\u00eda 2.0 (Defencarga)-Clic para ver la grabaci\u00f3n<\/a><\/span><\/li>\n<li><span style=\"text-decoration: underline;\"><a title=\"Acceder a la capacitaci\u00f3n\" href=\"\/documentos\/2025\/agenda\/capacitaciones\/julio\/16-07-2025-Capacitacion-Modulo-SICOV-OTPC-Grupo-1.mp4\" target=\"_blank\" rel=\"noopener\">Capacitaci\u00f3n M\u00f3dulo SICOV OTPC Grupo 1 \u2013 Clic para ver la grabaci\u00f3n<\/a><\/span><\/li>\n<li><span style=\"text-decoration: underline;\"><a title=\"Acceder a la capacitaci\u00f3n\" href=\"\/documentos\/2025\/agenda\/capacitaciones\/julio\/16-07-2025-Capacitacion-modulo-SICOV-OTPC-Grupo-2.mp4\" target=\"_blank\" rel=\"noopener\">Capacitaci\u00f3n M\u00f3dulo SICOV OTPC Grupo 2 \u2013 Clic para ver la grabaci\u00f3n<\/a><\/span><\/li>\n<li><span style=\"text-decoration: underline;\"><a title=\"Acceder a la capacitaci\u00f3n\" href=\"\/documentos\/2025\/agenda\/capacitaciones\/julio\/16-07-2025-Capacitacion-modulo-SICOV-OTPC-Grupo-3.mp4\" target=\"_blank\" rel=\"noopener\">Capacitaci\u00f3n M\u00f3dulo SICOV OTPC Grupo 3 \u2013 Clic para ver la grabaci\u00f3n<\/a><\/span><\/li>\n<li><span style=\"text-decoration: underline;\"><a title=\"Acceder a la capacitaci\u00f3n\" href=\"\/documentos\/2025\/agenda\/capacitaciones\/julio\/16-07-2025-Capacitacion-modulo-SICOV-OTPC-Grupo-4.mp4\" target=\"_blank\" rel=\"noopener\">Capacitaci\u00f3n M\u00f3dulo SICOV OTPC Grupo 4 \u2013 Clic para ver la grabaci\u00f3n<\/a><\/span><\/li>\n<\/ul>\n<\/div><\/div><\/div><div class=\"fusion-panel panel-default panel-8ade5595e5a43b5bf fusion-toggle-no-divider fusion-toggle-boxed-mode\" style=\"--awb-title-color:#000000;\"><div class=\"panel-heading\"><h4 class=\"panel-title toggle\" id=\"toggle_8ade5595e5a43b5bf\"><a aria-expanded=\"false\" aria-controls=\"8ade5595e5a43b5bf\" role=\"button\" data-toggle=\"collapse\" data-parent=\"#accordion-32458-2\" data-target=\"#8ade5595e5a43b5bf\" href=\"#8ade5595e5a43b5bf\"><span class=\"fusion-toggle-icon-wrapper\" aria-hidden=\"true\"><i class=\"fa-fusion-box active-icon awb-icon-minus\" aria-hidden=\"true\"><\/i><i class=\"fa-fusion-box inactive-icon awb-icon-plus\" aria-hidden=\"true\"><\/i><\/span><span class=\"fusion-toggle-heading\">15 de julio 2025 <\/span><\/a><\/h4><\/div><div id=\"8ade5595e5a43b5bf\" class=\"panel-collapse collapse \" aria-labelledby=\"toggle_8ade5595e5a43b5bf\"><div class=\"panel-body toggle-content fusion-clearfix\">\n<ul>\n<li><span style=\"text-decoration: underline;\"><a title=\"Acceder a la capacitaci\u00f3n\" href=\"\/documentos\/2025\/agenda\/capacitaciones\/julio\/15-07-2025-Capacitacion-SINST-Vigia-2.0-Asecarga.mp4\" target=\"_blank\" rel=\"noopener\">Capacitaci\u00f3n Soporte virtual SINST \u2013 Vig\u00eda 2.0 (Asecarga)-Clic para ver la grabaci\u00f3n<\/a><\/span><\/li>\n<li><span style=\"text-decoration: underline;\"><a title=\"Acceder a la capacitaci\u00f3n\" href=\"\/documentos\/2025\/agenda\/capacitaciones\/julio\/15-07-2025-Capacitacion-SINST-Vigia-2.0-Fedetranscol.mp4\" target=\"_blank\" rel=\"noopener\">Capacitaci\u00f3n Soporte virtual SINST \u2013 Vig\u00eda 2.0 (Fedetranscol)-Clic para ver la grabaci\u00f3n<\/a><\/span><\/li>\n<\/ul>\n<\/div><\/div><\/div><div class=\"fusion-panel panel-default panel-388a0a9c1bc281154 fusion-toggle-no-divider fusion-toggle-boxed-mode\" style=\"--awb-title-color:#000000;\"><div class=\"panel-heading\"><h4 class=\"panel-title toggle\" id=\"toggle_388a0a9c1bc281154\"><a aria-expanded=\"false\" aria-controls=\"388a0a9c1bc281154\" role=\"button\" data-toggle=\"collapse\" data-parent=\"#accordion-32458-2\" data-target=\"#388a0a9c1bc281154\" href=\"#388a0a9c1bc281154\"><span class=\"fusion-toggle-icon-wrapper\" aria-hidden=\"true\"><i class=\"fa-fusion-box active-icon awb-icon-minus\" aria-hidden=\"true\"><\/i><i class=\"fa-fusion-box inactive-icon awb-icon-plus\" aria-hidden=\"true\"><\/i><\/span><span class=\"fusion-toggle-heading\">8 de julio 2025<\/span><\/a><\/h4><\/div><div id=\"388a0a9c1bc281154\" class=\"panel-collapse collapse \" aria-labelledby=\"toggle_388a0a9c1bc281154\"><div class=\"panel-body toggle-content fusion-clearfix\">\n<ul>\n<li><span style=\"text-decoration: underline;\"><a title=\"Acceder a la capacitaci\u00f3n\" href=\"\/documentos\/2025\/agenda\/capacitaciones\/julio\/08-0-2025-Soporte-virtual-Pre-registro-Sistema-Inteligente-Nacional-de-Supervisi\u00f3n-al-Transporte-(SINST-VIGIA2)-para-los-vigilados-de-puertos.mp4\" target=\"_blank\" rel=\"noopener\">Capacitaci\u00f3n Soporte virtual Pre-registro Sistema Inteligente Nacional de Supervisi\u00f3n al Transporte (SINST-VIGIA2) para los vigilados de puertos-Clic para ver la grabaci\u00f3n<\/a><\/span><\/li>\n<\/ul>\n<\/div><\/div><\/div><div class=\"fusion-panel panel-default panel-3067a6efb66f7f371 fusion-toggle-no-divider fusion-toggle-boxed-mode\" style=\"--awb-title-color:#000000;\"><div class=\"panel-heading\"><h4 class=\"panel-title toggle\" id=\"toggle_3067a6efb66f7f371\"><a aria-expanded=\"false\" aria-controls=\"3067a6efb66f7f371\" role=\"button\" data-toggle=\"collapse\" data-parent=\"#accordion-32458-2\" data-target=\"#3067a6efb66f7f371\" href=\"#3067a6efb66f7f371\"><span class=\"fusion-toggle-icon-wrapper\" aria-hidden=\"true\"><i class=\"fa-fusion-box active-icon awb-icon-minus\" aria-hidden=\"true\"><\/i><i class=\"fa-fusion-box inactive-icon awb-icon-plus\" aria-hidden=\"true\"><\/i><\/span><span class=\"fusion-toggle-heading\">7 de julio 2025<\/span><\/a><\/h4><\/div><div id=\"3067a6efb66f7f371\" class=\"panel-collapse collapse \" aria-labelledby=\"toggle_3067a6efb66f7f371\"><div class=\"panel-body toggle-content fusion-clearfix\">\n<ul>\n<li><span style=\"text-decoration: underline;\"><a title=\"Acceder a la capacitaci\u00f3n\" href=\"https:\/\/www.youtube.com\/live\/tPVa6dAJ9vQ?si=u-4IkgB1-sHEVKRp\" target=\"_blank\" rel=\"noopener\">Capacitaci\u00f3n PQRSDF<\/a><\/span><\/li>\n<\/ul>\n<\/div><\/div><\/div><div class=\"fusion-panel panel-default panel-f922434d2bd95656b fusion-toggle-no-divider fusion-toggle-boxed-mode\" style=\"--awb-title-color:#000000;\"><div class=\"panel-heading\"><h4 class=\"panel-title toggle\" id=\"toggle_f922434d2bd95656b\"><a aria-expanded=\"false\" aria-controls=\"f922434d2bd95656b\" role=\"button\" data-toggle=\"collapse\" data-parent=\"#accordion-32458-2\" data-target=\"#f922434d2bd95656b\" href=\"#f922434d2bd95656b\"><span class=\"fusion-toggle-icon-wrapper\" aria-hidden=\"true\"><i class=\"fa-fusion-box active-icon awb-icon-minus\" aria-hidden=\"true\"><\/i><i class=\"fa-fusion-box inactive-icon awb-icon-plus\" aria-hidden=\"true\"><\/i><\/span><span class=\"fusion-toggle-heading\">11 de abril 2025 <\/span><\/a><\/h4><\/div><div id=\"f922434d2bd95656b\" class=\"panel-collapse collapse \" aria-labelledby=\"toggle_f922434d2bd95656b\"><div class=\"panel-body toggle-content fusion-clearfix\">\n<ul>\n<li><a title=\"Acceder a la capacitaci\u00f3n\" href=\"\/documentos\/2025\/agenda\/capacitaciones\/abril\/11-04-2025-Capacitacion-Aspirantes-Aliados-Tecnologicos-OAPSOT.mp4\" target=\"_blank\" rel=\"noopener\"><span style=\"text-decoration: underline;\">Capacitaci\u00f3n Aspirantes Aliados Tecnol\u00f3gicos OAPSOT \u2013 Clic aqu\u00ed para ver la grabaci\u00f3n<\/span><\/a><\/li>\n<\/ul>\n<\/div><\/div><\/div><div class=\"fusion-panel panel-default panel-d98b78299ac78a83e fusion-toggle-no-divider fusion-toggle-boxed-mode\" style=\"--awb-title-color:#000000;\"><div class=\"panel-heading\"><h4 class=\"panel-title toggle\" id=\"toggle_d98b78299ac78a83e\"><a aria-expanded=\"false\" aria-controls=\"d98b78299ac78a83e\" role=\"button\" data-toggle=\"collapse\" data-parent=\"#accordion-32458-2\" data-target=\"#d98b78299ac78a83e\" href=\"#d98b78299ac78a83e\"><span class=\"fusion-toggle-icon-wrapper\" aria-hidden=\"true\"><i class=\"fa-fusion-box active-icon awb-icon-minus\" aria-hidden=\"true\"><\/i><i class=\"fa-fusion-box inactive-icon awb-icon-plus\" aria-hidden=\"true\"><\/i><\/span><span class=\"fusion-toggle-heading\">31 de marzo 2025 <\/span><\/a><\/h4><\/div><div id=\"d98b78299ac78a83e\" class=\"panel-collapse collapse \" aria-labelledby=\"toggle_d98b78299ac78a83e\"><div class=\"panel-body toggle-content fusion-clearfix\">\n<ul>\n<li><a title=\"Acceder a la capacitaci\u00f3n\" href=\"\/documentos\/2025\/agenda\/capacitaciones\/marzo\/31-03-2025-Capacitacion-Registro-SINST-VIGIA-2-Puertos.mp4\" target=\"_blank\" rel=\"noopener\"><span style=\"text-decoration: underline;\">Capacitaci\u00f3n Registro en SINST-VIGIA 2 Puertos \u2013 Clic aqu\u00ed para ver la grabaci\u00f3n<\/span><\/a><\/li>\n<\/ul>\n<\/div><\/div><\/div><div class=\"fusion-panel panel-default panel-bece6d62d64178148 fusion-toggle-no-divider fusion-toggle-boxed-mode\" style=\"--awb-title-color:#000000;\"><div class=\"panel-heading\"><h4 class=\"panel-title toggle\" id=\"toggle_bece6d62d64178148\"><a aria-expanded=\"false\" aria-controls=\"bece6d62d64178148\" role=\"button\" data-toggle=\"collapse\" data-parent=\"#accordion-32458-2\" data-target=\"#bece6d62d64178148\" href=\"#bece6d62d64178148\"><span class=\"fusion-toggle-icon-wrapper\" aria-hidden=\"true\"><i class=\"fa-fusion-box active-icon awb-icon-minus\" aria-hidden=\"true\"><\/i><i class=\"fa-fusion-box inactive-icon awb-icon-plus\" aria-hidden=\"true\"><\/i><\/span><span class=\"fusion-toggle-heading\">28 de marzo 2025 <\/span><\/a><\/h4><\/div><div id=\"bece6d62d64178148\" class=\"panel-collapse collapse \" aria-labelledby=\"toggle_bece6d62d64178148\"><div class=\"panel-body toggle-content fusion-clearfix\">\n<ul>\n<li><a title=\"Acceder a la capacitaci\u00f3n\" href=\"\/documentos\/2025\/agenda\/capacitaciones\/marzo\/28-03-2025-Capacitacion-Registro-SINST-VIGIA-2-Empresa-pasajeros-por-carretera.mp4\" target=\"_blank\" rel=\"noopener\"><span style=\"text-decoration: underline;\">Capacitaci\u00f3n Registro en SINST-VIGIA 2 Empresa de Pasajeros por Carretera \u2013 Clic aqu\u00ed para ver la grabaci\u00f3n<\/span><\/a><\/li>\n<\/ul>\n<\/div><\/div><\/div><div class=\"fusion-panel panel-default panel-a569757c783302f86 fusion-toggle-no-divider fusion-toggle-boxed-mode\" style=\"--awb-title-color:#000000;\"><div class=\"panel-heading\"><h4 class=\"panel-title toggle\" id=\"toggle_a569757c783302f86\"><a aria-expanded=\"false\" aria-controls=\"a569757c783302f86\" role=\"button\" data-toggle=\"collapse\" data-parent=\"#accordion-32458-2\" data-target=\"#a569757c783302f86\" href=\"#a569757c783302f86\"><span class=\"fusion-toggle-icon-wrapper\" aria-hidden=\"true\"><i class=\"fa-fusion-box active-icon awb-icon-minus\" aria-hidden=\"true\"><\/i><i class=\"fa-fusion-box inactive-icon awb-icon-plus\" aria-hidden=\"true\"><\/i><\/span><span class=\"fusion-toggle-heading\">26 de marzo de 2025 <\/span><\/a><\/h4><\/div><div id=\"a569757c783302f86\" class=\"panel-collapse collapse \" aria-labelledby=\"toggle_a569757c783302f86\"><div class=\"panel-body toggle-content fusion-clearfix\">\n<ul>\n<li><span style=\"text-decoration: underline;\"><a title=\"Acceder a la capacitaci\u00f3n\" href=\"\/documentos\/2025\/agenda\/capacitaciones\/marzo\/26-03-2025-Taller-Registro-Vigilados-SINST-Vigia2-Concesiones-Viales.mp4\" target=\"_blank\" rel=\"noopener\">Taller Registro de Vigilados SINST \u2013 Vig\u00eda 2- Concesiones Viales \u2013 Clic aqu\u00ed para ver la grabaci\u00f3n<\/a><\/span><\/li>\n<\/ul>\n<\/div><\/div><\/div><div class=\"fusion-panel panel-default panel-d84c42b4cbfd5b964 fusion-toggle-no-divider fusion-toggle-boxed-mode\" style=\"--awb-title-color:#000000;\"><div class=\"panel-heading\"><h4 class=\"panel-title toggle\" id=\"toggle_d84c42b4cbfd5b964\"><a aria-expanded=\"false\" aria-controls=\"d84c42b4cbfd5b964\" role=\"button\" data-toggle=\"collapse\" data-parent=\"#accordion-32458-2\" data-target=\"#d84c42b4cbfd5b964\" href=\"#d84c42b4cbfd5b964\"><span class=\"fusion-toggle-icon-wrapper\" aria-hidden=\"true\"><i class=\"fa-fusion-box active-icon awb-icon-minus\" aria-hidden=\"true\"><\/i><i class=\"fa-fusion-box inactive-icon awb-icon-plus\" aria-hidden=\"true\"><\/i><\/span><span class=\"fusion-toggle-heading\">25 de marzo 2025 <\/span><\/a><\/h4><\/div><div id=\"d84c42b4cbfd5b964\" class=\"panel-collapse collapse \" aria-labelledby=\"toggle_d84c42b4cbfd5b964\"><div class=\"panel-body toggle-content fusion-clearfix\">\n<ul>\n<li><span style=\"text-decoration: underline;\"><a title=\"Acceder a la capacitaci\u00f3n\" href=\"\/documentos\/2025\/agenda\/capacitaciones\/marzo\/25-03-2025-Capitacion-Taller-SICOV-OTPC-para-empresas-pasajeros-carretera.mp4\" target=\"_blank\" rel=\"noopener\">Capitaci\u00f3n Taller SICOV \u2013 OTPC para empresas de pasajeros por carretera \u2013 Clic aqu\u00ed para ver la grabaci\u00f3n del evento<\/a><\/span><\/li>\n<\/ul>\n<\/div><\/div><\/div><div class=\"fusion-panel panel-default panel-59b901350f0a087f8 fusion-toggle-no-divider fusion-toggle-boxed-mode\" style=\"--awb-title-color:#000000;\"><div class=\"panel-heading\"><h4 class=\"panel-title toggle\" id=\"toggle_59b901350f0a087f8\"><a aria-expanded=\"false\" aria-controls=\"59b901350f0a087f8\" role=\"button\" data-toggle=\"collapse\" data-parent=\"#accordion-32458-2\" data-target=\"#59b901350f0a087f8\" href=\"#59b901350f0a087f8\"><span class=\"fusion-toggle-icon-wrapper\" aria-hidden=\"true\"><i class=\"fa-fusion-box active-icon awb-icon-minus\" aria-hidden=\"true\"><\/i><i class=\"fa-fusion-box inactive-icon awb-icon-plus\" aria-hidden=\"true\"><\/i><\/span><span class=\"fusion-toggle-heading\">17 de marzo de 2025<\/span><\/a><\/h4><\/div><div id=\"59b901350f0a087f8\" class=\"panel-collapse collapse \" aria-labelledby=\"toggle_59b901350f0a087f8\"><div class=\"panel-body toggle-content fusion-clearfix\">\n<ul>\n<li><span style=\"text-decoration: underline;\"><a title=\"Acceder al video\" href=\"\/documentos\/2025\/agenda\/capacitaciones\/marzo\/Capacitacion-taller-SICOV-SINST-VIGIA-2-Empresas-Agremiadas-en-ADITT-ASOTRANS.mp4\" target=\"_blank\" rel=\"noopener\">Capacitaci\u00f3n taller SICOV \u2013 SINST VIGIA 2 Empresas Agremiadas en ADITT ASOTRANS \u2013 Clic aqu\u00ed para ver la grabaci\u00f3n del evento<\/a><\/span><\/li>\n<\/ul>\n<\/div><\/div><\/div><div class=\"fusion-panel panel-default panel-5c1f8bafcd470f541 fusion-toggle-no-divider fusion-toggle-boxed-mode\" style=\"--awb-title-color:#000000;\"><div class=\"panel-heading\"><h4 class=\"panel-title toggle\" id=\"toggle_5c1f8bafcd470f541\"><a aria-expanded=\"false\" aria-controls=\"5c1f8bafcd470f541\" role=\"button\" data-toggle=\"collapse\" data-parent=\"#accordion-32458-2\" data-target=\"#5c1f8bafcd470f541\" href=\"#5c1f8bafcd470f541\"><span class=\"fusion-toggle-icon-wrapper\" aria-hidden=\"true\"><i class=\"fa-fusion-box active-icon awb-icon-minus\" aria-hidden=\"true\"><\/i><i class=\"fa-fusion-box inactive-icon awb-icon-plus\" aria-hidden=\"true\"><\/i><\/span><span class=\"fusion-toggle-heading\">12 de marzo 2025 <\/span><\/a><\/h4><\/div><div id=\"5c1f8bafcd470f541\" class=\"panel-collapse collapse \" aria-labelledby=\"toggle_5c1f8bafcd470f541\"><div class=\"panel-body toggle-content fusion-clearfix\">\n<ul>\n<li><a title=\"Acceder al video\" href=\"\/documentos\/2025\/agenda\/capacitaciones\/marzo\/12-03-2025-resolucion_dudas_terminales_de_transporte.mp4\" target=\"_blank\" rel=\"noopener\"><span style=\"text-decoration: underline;\">Capacitaci\u00f3n Taller Registro en SINST \u2013 VIGIA 2 \u2013 Dirigida a empresas agremiadas a la Asociaci\u00f3n Colombiana del Transporte Terrestre Automotor \u2013 Clic aqu\u00ed para ver la grabaci\u00f3n del evento<\/span><\/a><\/li>\n<\/ul>\n<\/div><\/div><\/div><div class=\"fusion-panel panel-default panel-8e179bc270bd8f156 fusion-toggle-no-divider fusion-toggle-boxed-mode\" style=\"--awb-title-color:#000000;\"><div class=\"panel-heading\"><h4 class=\"panel-title toggle\" id=\"toggle_8e179bc270bd8f156\"><a aria-expanded=\"false\" aria-controls=\"8e179bc270bd8f156\" role=\"button\" data-toggle=\"collapse\" data-parent=\"#accordion-32458-2\" data-target=\"#8e179bc270bd8f156\" href=\"#8e179bc270bd8f156\"><span class=\"fusion-toggle-icon-wrapper\" aria-hidden=\"true\"><i class=\"fa-fusion-box active-icon awb-icon-minus\" aria-hidden=\"true\"><\/i><i class=\"fa-fusion-box inactive-icon awb-icon-plus\" aria-hidden=\"true\"><\/i><\/span><span class=\"fusion-toggle-heading\">7 de marzo de 2025 <\/span><\/a><\/h4><\/div><div id=\"8e179bc270bd8f156\" class=\"panel-collapse collapse \" aria-labelledby=\"toggle_8e179bc270bd8f156\"><div class=\"panel-body toggle-content fusion-clearfix\">\n<ul>\n<li><span style=\"text-decoration: underline;\"><a title=\"Acceder al video\" href=\"https:\/\/transformaciondigital.supertransporte.gov.co\/documentos\/2025\/agenda\/capacitaciones\/marzo\/7-03-2025-registro_de_vigilados.mp4\" target=\"_blank\" rel=\"noopener\">Registro de Vigilados \u2013 Resoluci\u00f3n de dudas \u2013 Terminales de Transporte \u2013 Clic aqu\u00ed para ver la grabaci\u00f3n del evento<\/a><\/span><\/li>\n<li><a title=\"Acceder al video\" href=\"https:\/\/transformaciondigital.supertransporte.gov.co\/documentos\/2025\/agenda\/capacitaciones\/marzo\/7-03-2025-Taller-SINST-Vigia-2.mp4\" target=\"_blank\" rel=\"noopener\"><span style=\"text-decoration: underline;\">Taller sobre registro en SINST-VIGIA 2 \u2013 Clic aqu\u00ed para ver la grabaci\u00f3n del evento<\/span><\/a><\/li>\n<\/ul>\n<\/div><\/div><\/div><\/div><\/div><div class=\"fusion-separator fusion-full-width-sep\" style=\"align-self: center;margin-left: auto;margin-right: auto;margin-top:20px;margin-bottom:20px;width:100%;\"><\/div><\/div><\/div><\/div><\/div><\/p>\n","protected":false},"excerpt":{"rendered":"","protected":false},"author":11,"featured_media":0,"parent":0,"menu_order":0,"comment_status":"closed","ping_status":"closed","template":"","meta":{"footnotes":""},"class_list":["post-32458","page","type-page","status-publish","hentry"],"yoast_head":"<!-- This site is optimized with the Yoast SEO plugin v27.5 - https:\/\/yoast.com\/product\/yoast-seo-wordpress\/ -->\n<title>Agenda - SuperTransporte Digital<\/title>\n<meta name=\"robots\" content=\"index, follow, max-snippet:-1, max-image-preview:large, max-video-preview:-1\" \/>\n<link rel=\"canonical\" href=\"https:\/\/transformaciondigital.supertransporte.gov.co\/index.php\/agenda\/\" \/>\n<meta property=\"og:locale\" content=\"es_ES\" \/>\n<meta property=\"og:type\" content=\"article\" \/>\n<meta property=\"og:title\" content=\"Agenda - SuperTransporte Digital\" \/>\n<meta property=\"og:url\" content=\"https:\/\/transformaciondigital.supertransporte.gov.co\/index.php\/agenda\/\" \/>\n<meta property=\"og:site_name\" content=\"SuperTransporte Digital\" \/>\n<meta property=\"article:modified_time\" content=\"2026-04-24T14:21:41+00:00\" \/>\n<meta name=\"twitter:card\" content=\"summary_large_image\" \/>\n<meta name=\"twitter:label1\" content=\"Tiempo de lectura\" \/>\n\t<meta name=\"twitter:data1\" content=\"4 minutos\" \/>\n<script type=\"application\/ld+json\" class=\"yoast-schema-graph\">{\"@context\":\"https:\\\/\\\/schema.org\",\"@graph\":[{\"@type\":\"WebPage\",\"@id\":\"https:\\\/\\\/transformaciondigital.supertransporte.gov.co\\\/index.php\\\/agenda\\\/\",\"url\":\"https:\\\/\\\/transformaciondigital.supertransporte.gov.co\\\/index.php\\\/agenda\\\/\",\"name\":\"Agenda - SuperTransporte Digital\",\"isPartOf\":{\"@id\":\"https:\\\/\\\/transformaciondigital.supertransporte.gov.co\\\/#website\"},\"datePublished\":\"2025-08-06T00:53:02+00:00\",\"dateModified\":\"2026-04-24T14:21:41+00:00\",\"breadcrumb\":{\"@id\":\"https:\\\/\\\/transformaciondigital.supertransporte.gov.co\\\/index.php\\\/agenda\\\/#breadcrumb\"},\"inLanguage\":\"es\",\"potentialAction\":[{\"@type\":\"ReadAction\",\"target\":[\"https:\\\/\\\/transformaciondigital.supertransporte.gov.co\\\/index.php\\\/agenda\\\/\"]}]},{\"@type\":\"BreadcrumbList\",\"@id\":\"https:\\\/\\\/transformaciondigital.supertransporte.gov.co\\\/index.php\\\/agenda\\\/#breadcrumb\",\"itemListElement\":[{\"@type\":\"ListItem\",\"position\":1,\"name\":\"Portada\",\"item\":\"https:\\\/\\\/transformaciondigital.supertransporte.gov.co\\\/\"},{\"@type\":\"ListItem\",\"position\":2,\"name\":\"Agenda\"}]},{\"@type\":\"WebSite\",\"@id\":\"https:\\\/\\\/transformaciondigital.supertransporte.gov.co\\\/#website\",\"url\":\"https:\\\/\\\/transformaciondigital.supertransporte.gov.co\\\/\",\"name\":\"SuperTransporte Digital\",\"description\":\"Portal digital de la Superintendencia de Transporte\",\"publisher\":{\"@id\":\"https:\\\/\\\/transformaciondigital.supertransporte.gov.co\\\/#organization\"},\"potentialAction\":[{\"@type\":\"SearchAction\",\"target\":{\"@type\":\"EntryPoint\",\"urlTemplate\":\"https:\\\/\\\/transformaciondigital.supertransporte.gov.co\\\/?s={search_term_string}\"},\"query-input\":{\"@type\":\"PropertyValueSpecification\",\"valueRequired\":true,\"valueName\":\"search_term_string\"}}],\"inLanguage\":\"es\"},{\"@type\":\"Organization\",\"@id\":\"https:\\\/\\\/transformaciondigital.supertransporte.gov.co\\\/#organization\",\"name\":\"Superintendencia de Transporte\",\"url\":\"https:\\\/\\\/transformaciondigital.supertransporte.gov.co\\\/\",\"logo\":{\"@type\":\"ImageObject\",\"inLanguage\":\"es\",\"@id\":\"https:\\\/\\\/transformaciondigital.supertransporte.gov.co\\\/#\\\/schema\\\/logo\\\/image\\\/\",\"url\":\"https:\\\/\\\/www.supertransporte.gov.co\\\/wp-content\\\/uploads\\\/2019\\\/02\\\/Mesa-de-trabajo-2.png\",\"contentUrl\":\"https:\\\/\\\/www.supertransporte.gov.co\\\/wp-content\\\/uploads\\\/2019\\\/02\\\/Mesa-de-trabajo-2.png\",\"width\":58,\"height\":58,\"caption\":\"Superintendencia de Transporte\"},\"image\":{\"@id\":\"https:\\\/\\\/transformaciondigital.supertransporte.gov.co\\\/#\\\/schema\\\/logo\\\/image\\\/\"}}]}<\/script>\n<!-- \/ Yoast SEO plugin. -->","yoast_head_json":{"title":"Agenda - SuperTransporte Digital","robots":{"index":"index","follow":"follow","max-snippet":"max-snippet:-1","max-image-preview":"max-image-preview:large","max-video-preview":"max-video-preview:-1"},"canonical":"https:\/\/transformaciondigital.supertransporte.gov.co\/index.php\/agenda\/","og_locale":"es_ES","og_type":"article","og_title":"Agenda - SuperTransporte Digital","og_url":"https:\/\/transformaciondigital.supertransporte.gov.co\/index.php\/agenda\/","og_site_name":"SuperTransporte Digital","article_modified_time":"2026-04-24T14:21:41+00:00","twitter_card":"summary_large_image","twitter_misc":{"Tiempo de lectura":"4 minutos"},"schema":{"@context":"https:\/\/schema.org","@graph":[{"@type":"WebPage","@id":"https:\/\/transformaciondigital.supertransporte.gov.co\/index.php\/agenda\/","url":"https:\/\/transformaciondigital.supertransporte.gov.co\/index.php\/agenda\/","name":"Agenda - SuperTransporte Digital","isPartOf":{"@id":"https:\/\/transformaciondigital.supertransporte.gov.co\/#website"},"datePublished":"2025-08-06T00:53:02+00:00","dateModified":"2026-04-24T14:21:41+00:00","breadcrumb":{"@id":"https:\/\/transformaciondigital.supertransporte.gov.co\/index.php\/agenda\/#breadcrumb"},"inLanguage":"es","potentialAction":[{"@type":"ReadAction","target":["https:\/\/transformaciondigital.supertransporte.gov.co\/index.php\/agenda\/"]}]},{"@type":"BreadcrumbList","@id":"https:\/\/transformaciondigital.supertransporte.gov.co\/index.php\/agenda\/#breadcrumb","itemListElement":[{"@type":"ListItem","position":1,"name":"Portada","item":"https:\/\/transformaciondigital.supertransporte.gov.co\/"},{"@type":"ListItem","position":2,"name":"Agenda"}]},{"@type":"WebSite","@id":"https:\/\/transformaciondigital.supertransporte.gov.co\/#website","url":"https:\/\/transformaciondigital.supertransporte.gov.co\/","name":"SuperTransporte Digital","description":"Portal digital de la Superintendencia de Transporte","publisher":{"@id":"https:\/\/transformaciondigital.supertransporte.gov.co\/#organization"},"potentialAction":[{"@type":"SearchAction","target":{"@type":"EntryPoint","urlTemplate":"https:\/\/transformaciondigital.supertransporte.gov.co\/?s={search_term_string}"},"query-input":{"@type":"PropertyValueSpecification","valueRequired":true,"valueName":"search_term_string"}}],"inLanguage":"es"},{"@type":"Organization","@id":"https:\/\/transformaciondigital.supertransporte.gov.co\/#organization","name":"Superintendencia de Transporte","url":"https:\/\/transformaciondigital.supertransporte.gov.co\/","logo":{"@type":"ImageObject","inLanguage":"es","@id":"https:\/\/transformaciondigital.supertransporte.gov.co\/#\/schema\/logo\/image\/","url":"https:\/\/www.supertransporte.gov.co\/wp-content\/uploads\/2019\/02\/Mesa-de-trabajo-2.png","contentUrl":"https:\/\/www.supertransporte.gov.co\/wp-content\/uploads\/2019\/02\/Mesa-de-trabajo-2.png","width":58,"height":58,"caption":"Superintendencia de Transporte"},"image":{"@id":"https:\/\/transformaciondigital.supertransporte.gov.co\/#\/schema\/logo\/image\/"}}]}},"_links":{"self":[{"href":"https:\/\/transformaciondigital.supertransporte.gov.co\/index.php\/wp-json\/wp\/v2\/pages\/32458","targetHints":{"allow":["GET"]}}],"collection":[{"href":"https:\/\/transformaciondigital.supertransporte.gov.co\/index.php\/wp-json\/wp\/v2\/pages"}],"about":[{"href":"https:\/\/transformaciondigital.supertransporte.gov.co\/index.php\/wp-json\/wp\/v2\/types\/page"}],"author":[{"embeddable":true,"href":"https:\/\/transformaciondigital.supertransporte.gov.co\/index.php\/wp-json\/wp\/v2\/users\/11"}],"replies":[{"embeddable":true,"href":"https:\/\/transformaciondigital.supertransporte.gov.co\/index.php\/wp-json\/wp\/v2\/comments?post=32458"}],"version-history":[{"count":93,"href":"https:\/\/transformaciondigital.supertransporte.gov.co\/index.php\/wp-json\/wp\/v2\/pages\/32458\/revisions"}],"predecessor-version":[{"id":33689,"href":"https:\/\/transformaciondigital.supertransporte.gov.co\/index.php\/wp-json\/wp\/v2\/pages\/32458\/revisions\/33689"}],"wp:attachment":[{"href":"https:\/\/transformaciondigital.supertransporte.gov.co\/index.php\/wp-json\/wp\/v2\/media?parent=32458"}],"curies":[{"name":"wp","href":"https:\/\/api.w.org\/{rel}","templated":true}]}}